{"id":2,"date":"2014-03-18T20:10:01","date_gmt":"2014-03-18T20:10:01","guid":{"rendered":"http:\/\/jfg-regnitzgrund.de\/wordpress\/?page_id=2"},"modified":"2024-04-15T20:42:58","modified_gmt":"2024-04-15T19:42:58","slug":"beispiel-seite","status":"publish","type":"page","link":"https:\/\/jfg-regnitzgrund.de\/wordpress\/","title":{"rendered":"Startseite"},"content":{"rendered":"<p style=\"text-align: center;\">&nbsp;<\/p>\n<p style=\"text-align: center;\"><a href=\"http:\/\/jfg-regnitzgrund.de\/wordpress\/wp-content\/uploads\/2014\/03\/wappenjfg.gif\"><img loading=\"lazy\" decoding=\"async\" class=\"alignnone size-full wp-image-33\" src=\"http:\/\/jfg-regnitzgrund.de\/wordpress\/wp-content\/uploads\/2014\/03\/wappenjfg.gif\" alt=\"wappenjfg\" width=\"200\" height=\"249\"><\/a><\/p>\n<p>&nbsp;<\/p>\n<p style=\"text-align: center;\">Die JFG Regnitzgrund wurde am 23.02.2013 im Sportheim R\u00f6bersdorf gegr\u00fcndet.<br \/>\nDas Ziel der Junioren-F\u00f6rder-Gemeinschaft (JFG) ist die nachhaltige und altersgerechte F\u00f6rderung der Fussballjunioren in Zusammenarbeit mit den Stammvereinen.<\/p>\n<p>&nbsp;<\/p>\n<h2 style=\"text-align: center;\">Gr\u00fcndungs- und Stammvereine<\/h2>\n<table width=\"100%\">\n<tbody>\n<tr>\n<td><img loading=\"lazy\" decoding=\"async\" class=\"aligncenter\" src=\"http:\/\/jfg-regnitzgrund.de\/bilder\/logo\/WappenErlach.gif\" alt=\"\" width=\"40\" height=\"40\"><\/td>\n<td><img loading=\"lazy\" decoding=\"async\" class=\"aligncenter\" src=\"http:\/\/jfg-regnitzgrund.de\/bilder\/logo\/djksr.gif\" alt=\"\" width=\"40\" height=\"40\"><\/td>\n<td><img decoding=\"async\" class=\"aligncenter\" src=\"http:\/\/jfg-regnitzgrund.de\/bilder\/logo\/asv.gif\" alt=\"\" width=\"40\"><\/td>\n<td><img loading=\"lazy\" decoding=\"async\" class=\"aligncenter\" src=\"http:\/\/jfg-regnitzgrund.de\/bilder\/logo\/WappenRoebersdorf.gif\" alt=\"\" width=\"40\" height=\"40\"><\/td>\n<\/tr>\n<tr>\n<td style=\"text-align: center;\">Eintracht Erlach<\/td>\n<td style=\"text-align: center;\">DJK Schnaid-Rothensand<\/td>\n<td style=\"text-align: center;\">ASV Sassanfahrt<\/td>\n<td style=\"text-align: center;\">Falke R\u00f6bersdorf<\/td>\n<\/tr>\n<\/tbody>\n<\/table>\n<p>&nbsp;<\/p>\n<p>&nbsp;<\/p>\n<p style=\"text-align: center;\"><strong>M\u00f6chten Sie auch Ihr Kind Fussballspielen lassen<\/strong>, <strong>dann melden Sie sich doch einfach beim Vorsitzenden Johannes Walz oder dem Sportvorstand Steffen Kelle.<br \/>\n<\/strong><\/p>\n<div style=\"text-align: center;\">&#8222;Elf Freunde m\u00fcsst Ihr sein!&#8220;<\/div>\n<div>&nbsp;<\/div>\n<div>&nbsp;<\/div>\n<div>&nbsp;<\/div>\n<div style=\"text-align: center;\"><strong><span style=\"color: #008080;\">Unsere Werbepartner<\/span><\/strong><\/div>\n<div style=\"text-align: center;\">&nbsp;<\/div>\n<div style=\"text-align: center;\"><a href=\"http:\/\/jfg-regnitzgrund.de\/wordpress\/wp-content\/uploads\/2014\/03\/Herrmann.jpg\"><img loading=\"lazy\" decoding=\"async\" class=\"aligncenter size-medium wp-image-192\" src=\"http:\/\/jfg-regnitzgrund.de\/wordpress\/wp-content\/uploads\/2014\/03\/schaeffler-300x98.jpg\" alt=\"schaeffler\" width=\"300\" height=\"98\" srcset=\"https:\/\/jfg-regnitzgrund.de\/wordpress\/wp-content\/uploads\/2014\/03\/schaeffler-300x98.jpg 300w, https:\/\/jfg-regnitzgrund.de\/wordpress\/wp-content\/uploads\/2014\/03\/schaeffler-1024x337.jpg 1024w, https:\/\/jfg-regnitzgrund.de\/wordpress\/wp-content\/uploads\/2014\/03\/schaeffler.jpg 1291w\" sizes=\"(max-width: 300px) 100vw, 300px\" \/><\/a> <a href=\"http:\/\/jfg-regnitzgrund.de\/wordpress\/wp-content\/uploads\/2014\/03\/Neubert.jpg\"><img loading=\"lazy\" decoding=\"async\" class=\"aligncenter size-medium wp-image-175\" src=\"http:\/\/jfg-regnitzgrund.de\/wordpress\/wp-content\/uploads\/2014\/03\/Herrmann-300x69.jpg\" alt=\"Herrmann\" width=\"300\" height=\"69\" srcset=\"https:\/\/jfg-regnitzgrund.de\/wordpress\/wp-content\/uploads\/2014\/03\/Herrmann-300x69.jpg 300w, https:\/\/jfg-regnitzgrund.de\/wordpress\/wp-content\/uploads\/2014\/03\/Herrmann-1024x237.jpg 1024w, https:\/\/jfg-regnitzgrund.de\/wordpress\/wp-content\/uploads\/2014\/03\/Herrmann.jpg 1388w\" sizes=\"(max-width: 300px) 100vw, 300px\" \/><img loading=\"lazy\" decoding=\"async\" class=\"aligncenter size-medium wp-image-176\" src=\"http:\/\/jfg-regnitzgrund.de\/wordpress\/wp-content\/uploads\/2014\/03\/Neubert-300x74.jpg\" alt=\"Neubert\" width=\"300\" height=\"74\" srcset=\"https:\/\/jfg-regnitzgrund.de\/wordpress\/wp-content\/uploads\/2014\/03\/Neubert-300x74.jpg 300w, https:\/\/jfg-regnitzgrund.de\/wordpress\/wp-content\/uploads\/2014\/03\/Neubert-1024x254.jpg 1024w, https:\/\/jfg-regnitzgrund.de\/wordpress\/wp-content\/uploads\/2014\/03\/Neubert.jpg 1175w\" sizes=\"(max-width: 300px) 100vw, 300px\" \/><\/a> <a href=\"http:\/\/jfg-regnitzgrund.de\/wordpress\/wp-content\/uploads\/2014\/03\/Scholz.jpg\"><img loading=\"lazy\" decoding=\"async\" class=\"aligncenter size-medium wp-image-177\" src=\"http:\/\/jfg-regnitzgrund.de\/wordpress\/wp-content\/uploads\/2014\/03\/Scholz.jpg\" alt=\"Scholz\" width=\"223\" height=\"45\"><\/a> <a href=\"http:\/\/jfg-regnitzgrund.de\/wordpress\/wp-content\/uploads\/2014\/03\/Sparkasse.jpg\"><img loading=\"lazy\" decoding=\"async\" class=\"aligncenter size-medium wp-image-178\" src=\"http:\/\/jfg-regnitzgrund.de\/wordpress\/wp-content\/uploads\/2014\/03\/Sparkasse.jpg\" alt=\"Sparkasse\" width=\"148\" height=\"53\"><\/a><\/div>\n","protected":false},"excerpt":{"rendered":"<p>&nbsp; &nbsp; Die JFG Regnitzgrund wurde am 23.02.2013 im Sportheim R\u00f6bersdorf gegr\u00fcndet. Das Ziel der Junioren-F\u00f6rder-Gemeinschaft (JFG) ist die nachhaltige und altersgerechte F\u00f6rderung der Fussballjunioren in Zusammenarbeit mit den Stammvereinen. &nbsp; Gr\u00fcndungs- und Stammvereine Eintracht Erlach DJK Schnaid-Rothensand ASV Sassanfahrt Falke R\u00f6bersdorf &nbsp; &nbsp; M\u00f6chten Sie auch Ihr Kind Fussballspielen lassen, dann melden Sie sich&hellip; <a class=\"more-link\" href=\"https:\/\/jfg-regnitzgrund.de\/wordpress\/\"><span class=\"screen-reader-text\">Startseite<\/span> weiterlesen<\/a><\/p>\n","protected":false},"author":1,"featured_media":0,"parent":0,"menu_order":0,"comment_status":"open","ping_status":"open","template":"","meta":{"ngg_post_thumbnail":0,"footnotes":""},"_links":{"self":[{"href":"https:\/\/jfg-regnitzgrund.de\/wordpress\/index.php?rest_route=\/wp\/v2\/pages\/2"}],"collection":[{"href":"https:\/\/jfg-regnitzgrund.de\/wordpress\/index.php?rest_route=\/wp\/v2\/pages"}],"about":[{"href":"https:\/\/jfg-regnitzgrund.de\/wordpress\/index.php?rest_route=\/wp\/v2\/types\/page"}],"author":[{"embeddable":true,"href":"https:\/\/jfg-regnitzgrund.de\/wordpress\/index.php?rest_route=\/wp\/v2\/users\/1"}],"replies":[{"embeddable":true,"href":"https:\/\/jfg-regnitzgrund.de\/wordpress\/index.php?rest_route=%2Fwp%2Fv2%2Fcomments&post=2"}],"version-history":[{"count":16,"href":"https:\/\/jfg-regnitzgrund.de\/wordpress\/index.php?rest_route=\/wp\/v2\/pages\/2\/revisions"}],"predecessor-version":[{"id":263,"href":"https:\/\/jfg-regnitzgrund.de\/wordpress\/index.php?rest_route=\/wp\/v2\/pages\/2\/revisions\/263"}],"wp:attachment":[{"href":"https:\/\/jfg-regnitzgrund.de\/wordpress\/index.php?rest_route=%2Fwp%2Fv2%2Fmedia&parent=2"}],"curies":[{"name":"wp","href":"https:\/\/api.w.org\/{rel}","templated":true}]}}